{"id":52,"date":"2020-02-07T12:46:47","date_gmt":"2020-02-07T11:46:47","guid":{"rendered":"http:\/\/mikolow.eu\/testowa\/?page_id=52"},"modified":"2026-04-29T15:08:18","modified_gmt":"2026-04-29T13:08:18","slug":"zasady-odbioru-odpadow","status":"publish","type":"page","link":"https:\/\/mikolow.eu\/odpady\/gospodarowanie-odpadami\/zasady-odbioru-odpadow\/","title":{"rendered":"Zasady Odbioru Odpad\u00f3w Komunalnych"},"content":{"rendered":"\n<p class=\"has-text-color has-background\" style=\"color:#282727;background-color:#e2e2e2\">W&nbsp;JAKICH GODZINACH I&nbsp;GDZIE WYSTAWI\u0106 POJEMNIK?<\/p>\n\n\n\n<div class=\"wp-block-media-text alignwide is-vertically-aligned-center\" style=\"grid-template-columns:55% auto\"><figure class=\"wp-block-media-text__media\"><img loading=\"lazy\" decoding=\"async\" width=\"640\" height=\"426\" src=\"http:\/\/mikolow.eu\/testowa\/wp-content\/uploads\/sites\/13\/2020\/03\/time-371226_640.jpg\" alt=\"\" class=\"wp-image-174 size-full\" srcset=\"https:\/\/mikolow.eu\/odpady\/wp-content\/uploads\/sites\/13\/2020\/03\/time-371226_640.jpg 640w, https:\/\/mikolow.eu\/odpady\/wp-content\/uploads\/sites\/13\/2020\/03\/time-371226_640-300x200.jpg 300w\" sizes=\"auto, (max-width: 640px) 100vw, 640px\" \/><\/figure><div class=\"wp-block-media-text__content\">\n<p class=\"has-normal-font-size\"><strong>W dniu odbioru<\/strong> odpad\u00f3w komunalnych nale\u017cy wystawi\u0107 pojemnik lub worki z odpadami selektywnie zbieranymi przed posesj\u0105 <strong>do godziny 6:00.<\/strong><\/p>\n\n\n\n<p class=\"has-normal-font-size\"><strong>Pracownik firmy odbieraj\u0105cej odpady komunalne nie mo\u017ce wej\u015b\u0107 na teren nieruchomo\u015bci.<\/strong><\/p>\n\n\n\n<p class=\"has-normal-font-size\">Je\u017celi pojemniki na nieruchomo\u015bci s\u0105 postawione w specjalnej furtce na to przeznaczonej, w dniu odbioru musi by\u0107 ona otwarta i zabezpieczona przed przypadkowym zamkni\u0119ciem. <strong>W przypadku nie wystawienia w por\u0119 pojemnik\u00f3w lub work\u00f3w, kierowca nie wr\u00f3ci na dan\u0105 ulic\u0119.<\/strong><\/p>\n<\/div><\/div>\n\n\n\n<p class=\"has-text-color has-background has-medium-font-size\" style=\"color:#222222;background-color:#e2e2e2\">NORMA DLA POJEMNIK\u00d3W NA&nbsp;ODPADY KOMUNALNE<\/p>\n\n\n\n<div class=\"wp-block-media-text alignwide has-media-on-the-right\" style=\"grid-template-columns:auto 42%\"><div class=\"wp-block-media-text__content\">\n<p class=\"has-normal-font-size\">Zgodnie z&nbsp;art. 5 ust. 1 pkt 1 ustawy z&nbsp;dnia 13 wrze\u015bnia 1996 r. o&nbsp;utrzymaniu czysto\u015bci i&nbsp;porz\u0105dku w&nbsp;gminach, w\u0142a\u015bciciel nieruchomo\u015bci zobowi\u0105zany jest do&nbsp;wyposa\u017cenia nieruchomo\u015bci w&nbsp;pojemniki na&nbsp;odpady komunalne.<\/p>\n\n\n\n<p class=\"has-normal-font-size\">Wyja\u015bniamy, \u017ce&nbsp;pojemniki winne spe\u0142nia\u0107 norm\u0119&nbsp;<strong>PN EN-840<\/strong>&nbsp;obowi\u0105zuj\u0105c\u0105 w&nbsp;ca\u0142ej Unii Europejskiej.<\/p>\n<\/div><figure class=\"wp-block-media-text__media\"><img loading=\"lazy\" decoding=\"async\" width=\"640\" height=\"426\" src=\"http:\/\/mikolow.eu\/testowa\/wp-content\/uploads\/sites\/13\/2020\/03\/mulltonnen-3979757_640.jpg\" alt=\"\" class=\"wp-image-179 size-full\" srcset=\"https:\/\/mikolow.eu\/odpady\/wp-content\/uploads\/sites\/13\/2020\/03\/mulltonnen-3979757_640.jpg 640w, https:\/\/mikolow.eu\/odpady\/wp-content\/uploads\/sites\/13\/2020\/03\/mulltonnen-3979757_640-300x200.jpg 300w\" sizes=\"auto, (max-width: 640px) 100vw, 640px\" \/><\/figure><\/div>\n\n\n\n<p class=\"has-text-color has-background\" style=\"color:#222222;background-color:#e2e2e2\">WORKI SELEKCYJNE<\/p>\n\n\n\n<p class=\"has-normal-font-size\">Firma odbieraj\u0105ca odpady segregowane dostarcza&nbsp; w\u0142a\u015bcicielom nieruchomo\u015bci w zabudowie jednorodzinnej, wielorodzinnej oraz w zabudowie niezamieszka\u0142ej&nbsp; worki przeznaczone do zbierania odpad\u00f3w segregowanych t.j.&nbsp; worki na papier, metale i tworzywa sztuczne, szk\u0142o. <\/p>\n\n\n\n<p class=\"has-normal-font-size\">Puste worki&nbsp; do segregacji dostarczane s\u0105 mieszka\u0144com nieruchomo\u015bci po ka\u017cdorazowym odbiorze nape\u0142nionych work\u00f3w w ilo\u015bci odpowiadaj\u0105cej odebranym workom.<\/p>\n\n\n\n<p class=\"has-normal-font-size\">Worki do segregacji odpad\u00f3w mo\u017cna r\u00f3wnie\u017c pobra\u0107 w:<\/p>\n\n\n\n<div class=\"wp-block-columns is-layout-flex wp-container-core-columns-is-layout-9d6595d7 wp-block-columns-is-layout-flex\">\n<div class=\"wp-block-column is-layout-flow wp-block-column-is-layout-flow\">\n<p class=\"has-normal-font-size\"><strong>Stra\u017cy Miejskiej<\/strong><\/p>\n\n\n\n<p class=\"has-normal-font-size\">Rynek 7 I pi\u0119tro<br>43-190 Miko\u0142\u00f3w<\/p>\n\n\n\n<p class=\"has-normal-font-size\">pn-pt 8:00 &#8211; 20:00<\/p>\n<\/div>\n\n\n\n<div class=\"wp-block-column is-layout-flow wp-block-column-is-layout-flow\">\n<p class=\"has-normal-font-size\"><strong>Miejskim Domu Kultury<\/strong><\/p>\n\n\n\n<p class=\"has-normal-font-size\">Rynek 19 <br>43-190 Miko\u0142\u00f3w<\/p>\n\n\n\n<p class=\"has-normal-font-size\">pn-pt 8:00 &#8211; 16:00<\/p>\n<\/div>\n\n\n\n<div class=\"wp-block-column is-layout-flow wp-block-column-is-layout-flow\">\n<p class=\"has-normal-font-size\"><strong>Punkcie Selektywnej Zbi\u00f3rki Odpad\u00f3w Komunalnych w Miko\u0142owie<\/strong><\/p>\n\n\n\n<p class=\"has-normal-font-size\">ul. Dzie\u0144dziela 44<br>43-190 Miko\u0142\u00f3w<\/p>\n\n\n\n<p class=\"has-normal-font-size\">pn -pt 6:30 &#8211; 19:30 (od kwietnia do wrze\u015bnia) <\/p>\n\n\n\n<p>pn-pt 6.30-17.30 (od pa\u017adziernika do marca)<\/p>\n\n\n\n<p class=\"has-normal-font-size\">sb 7:00 &#8211; 14:30<\/p>\n<\/div>\n<\/div>\n\n\n\n<p><\/p>\n\n\n\n<p class=\"has-text-color has-background\" style=\"color:#222222;background-color:#e2e2e2\">WORKI BIG BAG<\/p>\n\n\n\n<p><\/p>\n\n\n\n<p style=\"font-size:16px\">Odpady budowlane i rozbi\u00f3rkowe takie jak: odpady betonu, gruz betonowy i ceglany pochodz\u0105ce z drobnych remont\u00f3w prowadzonych przez mieszka\u0144c\u00f3w w nieruchomo\u015bciach zamieszka\u0142ych s\u0105 odbierane na indywidualne zlecenie w worku BIG BAG o pojemno\u015bci 1 m<sup>3<\/sup>. Dla ka\u017cdej nieruchomo\u015bci\/lokalu przys\u0142uguje w ci\u0105gu roku 1 worek BIG BAG. Gruz nie jest odbierany podczas zbi\u00f3rki odpad\u00f3w wielkogabarytowych.<\/p>\n\n\n\n<p style=\"font-size:16px\">Druki wniosk\u00f3w dost\u0119pne s\u0105 w budynku Urz\u0119du Miasta Rynek 20 I pi\u0119tro, pok\u00f3j 15 oraz na stronie internetowej odpady.mikolow.eu w menu Gospodarowanie odpadami w zak\u0142adce: Zasady odbioru odpad\u00f3w komunalnych &#8211; Worki BIG BAG. <\/p>\n\n\n\n<p style=\"font-size:16px\">Warunkiem otrzymania worka jest z\u0142o\u017cona deklaracja o wysoko\u015bci op\u0142aty za gospodarowanie odpadami komunalnymi. Worek BIG BAG wydawany jest na podstawie z\u0142o\u017conego wniosku przez w\u0142a\u015bciciela nieruchomo\u015bci lub osob\u0119 upowa\u017cnion\u0105 w <strong>Referacie Us\u0142ug Komunalnych Rynek 20 I pi\u0119tro, pok\u00f3j 15.<\/strong> W przypadku nieruchomo\u015bci wielorodzinnych w sprawie wydawania work\u00f3w BIG BAG nale\u017cy kontaktowa\u0107 si\u0119 z administracj\u0105.<\/p>\n\n\n\n<p style=\"font-size:16px\">W worku BIG \u2013 BAG nale\u017cy gromadzi\u0107 gruz ceglany (np. ceg\u0142y, pustaki, cement), p\u0142ytki ceramiczne, pot\u0142uczone umywalki, brodziki i muszle ceramiczne, gruz tynkarski i&nbsp;betonowy.<\/p>\n\n\n\n<p style=\"font-size:16px\">Zabrania si\u0119 umieszcza\u0107 w worku innych materia\u0142\u00f3w.<br>Nie wolno ustawia\u0107 work\u00f3w pod zadaszeniami, liniami wysokiego napi\u0119cia oraz drzewami.<\/p>\n\n\n\n<p style=\"font-size:16px\">W przypadku, gdy w worku znajduje si\u0119 inny odpad ni\u017c zadeklarowany w niniejszym wniosku, firma REMONDIS G\u00f3rny \u015al\u0105sk Sp. z o. o. ma prawo odm\u00f3wi\u0107 odbioru worka.<\/p>\n\n\n\n<p style=\"font-size:16px\">Gotowo\u015b\u0107 odbioru worka BIG BAG nale\u017cy zg\u0142osi\u0107 na adres e-mail: <a href=\"mailto:iwona.bartoszek@remondis.pl\">iwona.bartoszek@remondis.pl<\/a>, <strong>tel. kontaktowy 789 223 564, <a href=\"mailto:rudaslaska@remondis.pl\">rudaslaska@remondis.pl<\/a>.<\/strong><\/p>\n\n\n\n<p style=\"font-size:16px\">UWAGA: Worki BIG BAG pobrane w latach wcze\u015bniejszych , kt\u00f3re nie zosta\u0142y zg\u0142oszone do odbioru w danym roku mog\u0105 zosta\u0107 wykorzystane w 2026 r. lecz b\u0119dzie to dotyczy\u0107 zlecenia na 2026 rok.<\/p>\n\n\n\n<p style=\"font-size:16px\">W przypadku jakichkolwiek pyta\u0144 nale\u017cy kontaktowa\u0107 si\u0119 z Referatem Us\u0142ug Komunalnych nr tel. 32-32-48-569 lub 32-32-48-573.<\/p>\n\n\n\n<div class=\"wp-block-file\"><a id=\"wp-block-file--media-6aa929ba-4431-45ed-914d-683d8604d470\" href=\"http:\/\/mikolow.eu\/odpady\/wp-content\/uploads\/sites\/13\/2025\/06\/zlecenie-odbioru-worka-big-bag-2025-AKTUALNE.pdf\" target=\"_blank\" rel=\"noreferrer noopener\">zlecenie odbioru worka big bag 2025 <\/a><a href=\"http:\/\/mikolow.eu\/odpady\/wp-content\/uploads\/sites\/13\/2025\/06\/zlecenie-odbioru-worka-big-bag-2025-AKTUALNE.pdf\" class=\"wp-block-file__button wp-element-button\" download aria-describedby=\"wp-block-file--media-6aa929ba-4431-45ed-914d-683d8604d470\">Pobierz<\/a><\/div>\n\n\n\n<p class=\"has-text-color has-background\" style=\"color:#222222;background-color:#e2e2e2\">CO ZROBI\u0106 Z ODPADAMI  Z IZOLACJI COVID- 19<\/p>\n\n\n\n<figure class=\"wp-block-image\"><img decoding=\"async\" src=\"https:\/\/mikolow.eu\/odpady\/wp-content\/uploads\/sites\/13\/2021\/11\/istockphoto-1208315128-170667a-3.jpg\" alt=\"Co zrobi\u0107 z odpadami w izolacji -COVID 19\" title=\"Co zrobi\u0107 z odpadami w izolacji -COVID 19\" \/><\/figure>\n\n\n\n<p>Poni\u017cej wa\u017cne wytyczne rz\u0105dowe dla os\u00f3b przebywaj\u0105cych w izolacji (chorych lub podejrzanych o chorob\u0119 zaka\u017an\u0105):<\/p>\n\n\n\n<ul class=\"wp-block-list\">\n<li>zaleca si\u0119 odczekanie 72 godzin zanim przeka\u017ce si\u0119 worek z odpadami do odbioru,<\/li>\n\n\n\n<li>nale\u017cy umie\u015bci\u0107 odpady w worku i w miar\u0119 mo\u017cliwo\u015bci worek spryska\u0107 preparatem wirusob\u00f3jczym,<\/li>\n\n\n\n<li>zape\u0142ni\u0107 worek odpadami do 3\/4 jego pojemno\u015bci i nie zgniata\u0107 zawarto\u015bci,<\/li>\n\n\n\n<li>po zape\u0142nieniu worka zawi\u0105za\u0107 worek i po ustaleniu z osob\u0105 wynosz\u0105c\u0105 odpady z miejsca izolacji, wystawi\u0107 worek z pomieszczenia, w kt\u00f3rym przebywa osoba b\u0119d\u0105ca w izolacji,<\/li>\n\n\n\n<li>osoba wynosz\u0105c\u0105 odpady z miejsca izolacji wk\u0142ada (w r\u0119kawiczkach) wystawiony przez osob\u0119 w izolacji worek do drugiego worka, zawi\u0105zuje\/zamyka go i zabezpiecza przed przypadkowym otwarciem w chwili jego odbioru (opr\u00f3cz dok\u0142adnego zawi\u0105zania worka, mo\u017cna zamkn\u0105\u0107 go dodatkowo przy pomocy ta\u015bmy samoprzylepnej lub sznurka) oraz oznacza dat\u0119 i godzin\u0119 zamkni\u0119cia worka,<\/li>\n\n\n\n<li>worek z odpadami nale\u017cy przenie\u015b\u0107 w r\u0119kawiczkach do miejsca przeznaczonego do gromadzenia odpad\u00f3w i umie\u015bci\u0107 w pojemniku na odpady zmieszane (czarny).<\/li>\n<\/ul>\n\n\n\n<p>Przed i po ka\u017cdej czynno\u015bci zwi\u0105zanej z pakowaniem\/przenoszeniem odpad\u00f3w, nale\u017cy u\u017cywa\u0107 r\u0119kawiczek ochronnych i koniecznie umy\u0107 i\/lub dezynfekowa\u0107 r\u0119ce. Odpady, kt\u00f3rych nie mo\u017cna \u0142\u0105czy\u0107 z innymi odpadami (tj. zu\u017cyty sprz\u0119t elektryczny i elektroniczny, zu\u017cyte baterie i akumulatory, zu\u017cyte \u015bwietl\u00f3wki) powinny by\u0107 pozostawione w domu w czasie izolacji i przekazane do systemu gminnego, kiedy b\u0119dzie mo\u017cna opu\u015bci\u0107 miejsce izolacji.<\/p>\n","protected":false},"excerpt":{"rendered":"<p>W&nbsp;JAKICH GODZINACH I&nbsp;GDZIE WYSTAWI\u0106 POJEMNIK? W dniu odbioru odpad\u00f3w komunalnych nale\u017cy wystawi\u0107 pojemnik lub worki z odpadami selektywnie zbieranymi przed posesj\u0105 do godziny 6:00. Pracownik firmy odbieraj\u0105cej odpady komunalne nie mo\u017ce wej\u015b\u0107 na teren nieruchomo\u015bci. Je\u017celi pojemniki na nieruchomo\u015bci s\u0105 postawione w specjalnej furtce na to przeznaczonej, w dniu odbioru musi by\u0107 ona otwarta i<\/p>\n","protected":false},"author":20,"featured_media":0,"parent":76,"menu_order":0,"comment_status":"closed","ping_status":"closed","template":"","meta":{"_acf_changed":false,"footnotes":""},"class_list":["post-52","page","type-page","status-publish","hentry"],"acf":[],"yoast_head":"<!-- This site is optimized with the Yoast SEO plugin v27.5 - https:\/\/yoast.com\/product\/yoast-seo-wordpress\/ -->\n<title>Zasady Odbioru Odpad\u00f3w Komunalnych - odpady<\/title>\n<meta name=\"robots\" content=\"index, follow, max-snippet:-1, max-image-preview:large, max-video-preview:-1\" \/>\n<link rel=\"canonical\" href=\"https:\/\/mikolow.eu\/odpady\/gospodarowanie-odpadami\/zasady-odbioru-odpadow\/\" \/>\n<meta property=\"og:locale\" content=\"pl_PL\" \/>\n<meta property=\"og:type\" content=\"article\" \/>\n<meta property=\"og:title\" content=\"Zasady Odbioru Odpad\u00f3w Komunalnych - odpady\" \/>\n<meta property=\"og:description\" content=\"W&nbsp;JAKICH GODZINACH I&nbsp;GDZIE WYSTAWI\u0106 POJEMNIK? W dniu odbioru odpad\u00f3w komunalnych nale\u017cy wystawi\u0107 pojemnik lub worki z odpadami selektywnie zbieranymi przed posesj\u0105 do godziny 6:00. Pracownik firmy odbieraj\u0105cej odpady komunalne nie mo\u017ce wej\u015b\u0107 na teren nieruchomo\u015bci. Je\u017celi pojemniki na nieruchomo\u015bci s\u0105 postawione w specjalnej furtce na to przeznaczonej, w dniu odbioru musi by\u0107 ona otwarta i\" \/>\n<meta property=\"og:url\" content=\"https:\/\/mikolow.eu\/odpady\/gospodarowanie-odpadami\/zasady-odbioru-odpadow\/\" \/>\n<meta property=\"og:site_name\" content=\"odpady\" \/>\n<meta property=\"article:modified_time\" content=\"2026-04-29T13:08:18+00:00\" \/>\n<meta property=\"og:image\" content=\"https:\/\/mikolow.eu\/odpady\/wp-content\/uploads\/sites\/13\/2020\/03\/time-371226_640.jpg\" \/>\n\t<meta property=\"og:image:width\" content=\"640\" \/>\n\t<meta property=\"og:image:height\" content=\"426\" \/>\n\t<meta property=\"og:image:type\" content=\"image\/jpeg\" \/>\n<meta name=\"twitter:card\" content=\"summary_large_image\" \/>\n<meta name=\"twitter:label1\" content=\"Szacowany czas czytania\" \/>\n\t<meta name=\"twitter:data1\" content=\"6 minut\" \/>\n<script type=\"application\/ld+json\" class=\"yoast-schema-graph\">{\"@context\":\"https:\\\/\\\/schema.org\",\"@graph\":[{\"@type\":\"WebPage\",\"@id\":\"https:\\\/\\\/mikolow.eu\\\/odpady\\\/gospodarowanie-odpadami\\\/zasady-odbioru-odpadow\\\/\",\"url\":\"https:\\\/\\\/mikolow.eu\\\/odpady\\\/gospodarowanie-odpadami\\\/zasady-odbioru-odpadow\\\/\",\"name\":\"Zasady Odbioru Odpad\u00f3w Komunalnych - odpady\",\"isPartOf\":{\"@id\":\"https:\\\/\\\/mikolow.eu\\\/odpady\\\/#website\"},\"primaryImageOfPage\":{\"@id\":\"https:\\\/\\\/mikolow.eu\\\/odpady\\\/gospodarowanie-odpadami\\\/zasady-odbioru-odpadow\\\/#primaryimage\"},\"image\":{\"@id\":\"https:\\\/\\\/mikolow.eu\\\/odpady\\\/gospodarowanie-odpadami\\\/zasady-odbioru-odpadow\\\/#primaryimage\"},\"thumbnailUrl\":\"http:\\\/\\\/mikolow.eu\\\/testowa\\\/wp-content\\\/uploads\\\/sites\\\/13\\\/2020\\\/03\\\/time-371226_640.jpg\",\"datePublished\":\"2020-02-07T11:46:47+00:00\",\"dateModified\":\"2026-04-29T13:08:18+00:00\",\"breadcrumb\":{\"@id\":\"https:\\\/\\\/mikolow.eu\\\/odpady\\\/gospodarowanie-odpadami\\\/zasady-odbioru-odpadow\\\/#breadcrumb\"},\"inLanguage\":\"pl-PL\",\"potentialAction\":[{\"@type\":\"ReadAction\",\"target\":[\"https:\\\/\\\/mikolow.eu\\\/odpady\\\/gospodarowanie-odpadami\\\/zasady-odbioru-odpadow\\\/\"]}]},{\"@type\":\"ImageObject\",\"inLanguage\":\"pl-PL\",\"@id\":\"https:\\\/\\\/mikolow.eu\\\/odpady\\\/gospodarowanie-odpadami\\\/zasady-odbioru-odpadow\\\/#primaryimage\",\"url\":\"http:\\\/\\\/mikolow.eu\\\/testowa\\\/wp-content\\\/uploads\\\/sites\\\/13\\\/2020\\\/03\\\/time-371226_640.jpg\",\"contentUrl\":\"http:\\\/\\\/mikolow.eu\\\/testowa\\\/wp-content\\\/uploads\\\/sites\\\/13\\\/2020\\\/03\\\/time-371226_640.jpg\"},{\"@type\":\"BreadcrumbList\",\"@id\":\"https:\\\/\\\/mikolow.eu\\\/odpady\\\/gospodarowanie-odpadami\\\/zasady-odbioru-odpadow\\\/#breadcrumb\",\"itemListElement\":[{\"@type\":\"ListItem\",\"position\":1,\"name\":\"Strona g\u0142\u00f3wna\",\"item\":\"https:\\\/\\\/mikolow.eu\\\/odpady\\\/\"},{\"@type\":\"ListItem\",\"position\":2,\"name\":\"GOSPODAROWANIE ODPADAMI\",\"item\":\"https:\\\/\\\/mikolow.eu\\\/odpady\\\/gospodarowanie-odpadami\\\/\"},{\"@type\":\"ListItem\",\"position\":3,\"name\":\"Zasady Odbioru Odpad\u00f3w Komunalnych\"}]},{\"@type\":\"WebSite\",\"@id\":\"https:\\\/\\\/mikolow.eu\\\/odpady\\\/#website\",\"url\":\"https:\\\/\\\/mikolow.eu\\\/odpady\\\/\",\"name\":\"odpady\",\"description\":\"odpady\",\"publisher\":{\"@id\":\"https:\\\/\\\/mikolow.eu\\\/odpady\\\/#organization\"},\"potentialAction\":[{\"@type\":\"SearchAction\",\"target\":{\"@type\":\"EntryPoint\",\"urlTemplate\":\"https:\\\/\\\/mikolow.eu\\\/odpady\\\/?s={search_term_string}\"},\"query-input\":{\"@type\":\"PropertyValueSpecification\",\"valueRequired\":true,\"valueName\":\"search_term_string\"}}],\"inLanguage\":\"pl-PL\"},{\"@type\":\"Organization\",\"@id\":\"https:\\\/\\\/mikolow.eu\\\/odpady\\\/#organization\",\"name\":\"odpady\",\"url\":\"https:\\\/\\\/mikolow.eu\\\/odpady\\\/\",\"logo\":{\"@type\":\"ImageObject\",\"inLanguage\":\"pl-PL\",\"@id\":\"https:\\\/\\\/mikolow.eu\\\/odpady\\\/#\\\/schema\\\/logo\\\/image\\\/\",\"url\":\"https:\\\/\\\/mikolow.eu\\\/odpady\\\/wp-content\\\/uploads\\\/sites\\\/13\\\/2020\\\/04\\\/cropped-logo_v16-1.png\",\"contentUrl\":\"https:\\\/\\\/mikolow.eu\\\/odpady\\\/wp-content\\\/uploads\\\/sites\\\/13\\\/2020\\\/04\\\/cropped-logo_v16-1.png\",\"width\":1013,\"height\":250,\"caption\":\"odpady\"},\"image\":{\"@id\":\"https:\\\/\\\/mikolow.eu\\\/odpady\\\/#\\\/schema\\\/logo\\\/image\\\/\"}}]}<\/script>\n<!-- \/ Yoast SEO plugin. -->","yoast_head_json":{"title":"Zasady Odbioru Odpad\u00f3w Komunalnych - odpady","robots":{"index":"index","follow":"follow","max-snippet":"max-snippet:-1","max-image-preview":"max-image-preview:large","max-video-preview":"max-video-preview:-1"},"canonical":"https:\/\/mikolow.eu\/odpady\/gospodarowanie-odpadami\/zasady-odbioru-odpadow\/","og_locale":"pl_PL","og_type":"article","og_title":"Zasady Odbioru Odpad\u00f3w Komunalnych - odpady","og_description":"W&nbsp;JAKICH GODZINACH I&nbsp;GDZIE WYSTAWI\u0106 POJEMNIK? W dniu odbioru odpad\u00f3w komunalnych nale\u017cy wystawi\u0107 pojemnik lub worki z odpadami selektywnie zbieranymi przed posesj\u0105 do godziny 6:00. Pracownik firmy odbieraj\u0105cej odpady komunalne nie mo\u017ce wej\u015b\u0107 na teren nieruchomo\u015bci. Je\u017celi pojemniki na nieruchomo\u015bci s\u0105 postawione w specjalnej furtce na to przeznaczonej, w dniu odbioru musi by\u0107 ona otwarta i","og_url":"https:\/\/mikolow.eu\/odpady\/gospodarowanie-odpadami\/zasady-odbioru-odpadow\/","og_site_name":"odpady","article_modified_time":"2026-04-29T13:08:18+00:00","og_image":[{"width":640,"height":426,"url":"https:\/\/mikolow.eu\/odpady\/wp-content\/uploads\/sites\/13\/2020\/03\/time-371226_640.jpg","type":"image\/jpeg"}],"twitter_card":"summary_large_image","twitter_misc":{"Szacowany czas czytania":"6 minut"},"schema":{"@context":"https:\/\/schema.org","@graph":[{"@type":"WebPage","@id":"https:\/\/mikolow.eu\/odpady\/gospodarowanie-odpadami\/zasady-odbioru-odpadow\/","url":"https:\/\/mikolow.eu\/odpady\/gospodarowanie-odpadami\/zasady-odbioru-odpadow\/","name":"Zasady Odbioru Odpad\u00f3w Komunalnych - odpady","isPartOf":{"@id":"https:\/\/mikolow.eu\/odpady\/#website"},"primaryImageOfPage":{"@id":"https:\/\/mikolow.eu\/odpady\/gospodarowanie-odpadami\/zasady-odbioru-odpadow\/#primaryimage"},"image":{"@id":"https:\/\/mikolow.eu\/odpady\/gospodarowanie-odpadami\/zasady-odbioru-odpadow\/#primaryimage"},"thumbnailUrl":"http:\/\/mikolow.eu\/testowa\/wp-content\/uploads\/sites\/13\/2020\/03\/time-371226_640.jpg","datePublished":"2020-02-07T11:46:47+00:00","dateModified":"2026-04-29T13:08:18+00:00","breadcrumb":{"@id":"https:\/\/mikolow.eu\/odpady\/gospodarowanie-odpadami\/zasady-odbioru-odpadow\/#breadcrumb"},"inLanguage":"pl-PL","potentialAction":[{"@type":"ReadAction","target":["https:\/\/mikolow.eu\/odpady\/gospodarowanie-odpadami\/zasady-odbioru-odpadow\/"]}]},{"@type":"ImageObject","inLanguage":"pl-PL","@id":"https:\/\/mikolow.eu\/odpady\/gospodarowanie-odpadami\/zasady-odbioru-odpadow\/#primaryimage","url":"http:\/\/mikolow.eu\/testowa\/wp-content\/uploads\/sites\/13\/2020\/03\/time-371226_640.jpg","contentUrl":"http:\/\/mikolow.eu\/testowa\/wp-content\/uploads\/sites\/13\/2020\/03\/time-371226_640.jpg"},{"@type":"BreadcrumbList","@id":"https:\/\/mikolow.eu\/odpady\/gospodarowanie-odpadami\/zasady-odbioru-odpadow\/#breadcrumb","itemListElement":[{"@type":"ListItem","position":1,"name":"Strona g\u0142\u00f3wna","item":"https:\/\/mikolow.eu\/odpady\/"},{"@type":"ListItem","position":2,"name":"GOSPODAROWANIE ODPADAMI","item":"https:\/\/mikolow.eu\/odpady\/gospodarowanie-odpadami\/"},{"@type":"ListItem","position":3,"name":"Zasady Odbioru Odpad\u00f3w Komunalnych"}]},{"@type":"WebSite","@id":"https:\/\/mikolow.eu\/odpady\/#website","url":"https:\/\/mikolow.eu\/odpady\/","name":"odpady","description":"odpady","publisher":{"@id":"https:\/\/mikolow.eu\/odpady\/#organization"},"potentialAction":[{"@type":"SearchAction","target":{"@type":"EntryPoint","urlTemplate":"https:\/\/mikolow.eu\/odpady\/?s={search_term_string}"},"query-input":{"@type":"PropertyValueSpecification","valueRequired":true,"valueName":"search_term_string"}}],"inLanguage":"pl-PL"},{"@type":"Organization","@id":"https:\/\/mikolow.eu\/odpady\/#organization","name":"odpady","url":"https:\/\/mikolow.eu\/odpady\/","logo":{"@type":"ImageObject","inLanguage":"pl-PL","@id":"https:\/\/mikolow.eu\/odpady\/#\/schema\/logo\/image\/","url":"https:\/\/mikolow.eu\/odpady\/wp-content\/uploads\/sites\/13\/2020\/04\/cropped-logo_v16-1.png","contentUrl":"https:\/\/mikolow.eu\/odpady\/wp-content\/uploads\/sites\/13\/2020\/04\/cropped-logo_v16-1.png","width":1013,"height":250,"caption":"odpady"},"image":{"@id":"https:\/\/mikolow.eu\/odpady\/#\/schema\/logo\/image\/"}}]}},"_links":{"self":[{"href":"https:\/\/mikolow.eu\/odpady\/wp-json\/wp\/v2\/pages\/52","targetHints":{"allow":["GET"]}}],"collection":[{"href":"https:\/\/mikolow.eu\/odpady\/wp-json\/wp\/v2\/pages"}],"about":[{"href":"https:\/\/mikolow.eu\/odpady\/wp-json\/wp\/v2\/types\/page"}],"author":[{"embeddable":true,"href":"https:\/\/mikolow.eu\/odpady\/wp-json\/wp\/v2\/users\/20"}],"replies":[{"embeddable":true,"href":"https:\/\/mikolow.eu\/odpady\/wp-json\/wp\/v2\/comments?post=52"}],"version-history":[{"count":69,"href":"https:\/\/mikolow.eu\/odpady\/wp-json\/wp\/v2\/pages\/52\/revisions"}],"predecessor-version":[{"id":4162,"href":"https:\/\/mikolow.eu\/odpady\/wp-json\/wp\/v2\/pages\/52\/revisions\/4162"}],"up":[{"embeddable":true,"href":"https:\/\/mikolow.eu\/odpady\/wp-json\/wp\/v2\/pages\/76"}],"wp:attachment":[{"href":"https:\/\/mikolow.eu\/odpady\/wp-json\/wp\/v2\/media?parent=52"}],"curies":[{"name":"wp","href":"https:\/\/api.w.org\/{rel}","templated":true}]}}