{"id":453,"date":"2020-03-06T10:05:39","date_gmt":"2020-03-06T09:05:39","guid":{"rendered":"http:\/\/mikolow.eu\/testowa\/?page_id=453"},"modified":"2026-03-23T07:54:43","modified_gmt":"2026-03-23T06:54:43","slug":"elektrosmieci","status":"publish","type":"page","link":"https:\/\/mikolow.eu\/odpady\/jak-segregowac\/elektrosmieci\/","title":{"rendered":"Elektro\u015bmieci"},"content":{"rendered":"\n<p class=\"has-text-align-center has-very-light-gray-background-color has-text-color has-background\" style=\"color:#000000;font-size:22px\">ELEKTRO\u015aMIECI<\/p>\n\n\n\n<p><\/p>\n\n\n\n<p>Gdzie mo\u017cna odda\u0107 elektroodpady?<\/p>\n\n\n\n<p><\/p>\n\n\n\n<h2 class=\"wp-block-heading\"><\/h2>\n\n\n\n<p><\/p>\n\n\n\n<ol class=\"wp-block-list\">\n<li><strong>POJEMNIKI NA MNIEJSZE ELEKTROODPADY<\/strong><\/li>\n<\/ol>\n\n\n\n<ol class=\"wp-block-list\">\n<li><\/li>\n<\/ol>\n\n\n\n<p>Na terenie gminy znajduj\u0105 si\u0119 tzw. <strong>Punkty Zbi\u00f3rki Elektroodpad\u00f3w<\/strong> przeznaczone do zbierania mniejszych elektroodpad\u00f3w rozmieszczone w nast\u0119puj\u0105cych lokalizacjach:<\/p>\n\n\n\n<p>plac Synagogi \/ kierunek Tychy<\/p>\n\n\n\n<p>Kamionka \/ parking ul. Paprotek<\/p>\n\n\n\n<p>Mokre \/ parking , ul. Zamkowa<\/p>\n\n\n\n<p>Paniowy \/ parking ul. Staroko\u015bcielna<\/p>\n\n\n\n<p>Bujak\u00f3w \/ plac przed so\u0142tys\u00f3wk\u0105<\/p>\n\n\n\n<p> Mo\u017cna do&nbsp;nich wrzuca\u0107 zu\u017cyte baterie, \u017car\u00f3wki, p\u0142yty CD, telefony, \u0142adowarki czy&nbsp;piloty do&nbsp;telewizor\u00f3w.<\/p>\n\n\n\n<p>Pojemnik podzielony jest na&nbsp;przegr\u00f3dki, co sprawia, \u017ce&nbsp;wrzucony do&nbsp;odpowiedniego otworu przedmiot zostaje od&nbsp;razu posegregowany. <\/p>\n\n\n\n<p><\/p>\n\n\n\n<p>2) <strong>POJEMNIKI NA ELEKTROODPADY<\/strong> <strong>O WYMIARACH 60X40X20 cm<\/strong><\/p>\n\n\n\n<p>Na podstawie zawartego porozumienia ze sp\u00f3\u0142k\u0105 Remondis G\u00f3rny \u015al\u0105sk z Rudy \u015al\u0105skiej na terenie gminy ustawiono r\u00f3wnie\u017c 12 pojemnik\u00f3w na elektroodpady.<\/p>\n\n\n\n<p>Pojemniki przeznaczone s\u0105 na ma\u0142ogabarytowe elektroodpady, takie jak drobny sprz\u0119t RTV i AGD o wymiarach nie wi\u0119kszych ni\u017c&nbsp;60x40x20 cm pochodz\u0105ce z gospodarstw domowych.<\/p>\n\n\n\n<p>Poni\u017cej wykaz lokalizacji pojemnik\u00f3w na elektroodpady:<\/p>\n\n\n\n<figure class=\"wp-block-table\"><table><tbody><tr><td><strong>Wykaz lokalizacji pojemnik\u00f3w<\/strong><\/td><\/tr><tr><td>L.p.<\/td><td>Ulica<\/td><td>Lokalizacja<\/td><td>Dzielnica\/So\u0142ectwo<\/td><\/tr><tr><td>1.<\/td><td>ul. ks. F. G\u00f3rka<\/td><td>Przy So\u0142tys\u00f3wce<\/td><td>Bujak\u00f3w<\/td><\/tr><tr><td>2.<\/td><td>ul. R\u00f3wnoleg\u0142a<\/td><td>Przy So\u0142tys\u00f3wce<\/td><td>Borowa Wie\u015b<\/td><\/tr><tr><td>3.<\/td><td>ul. G\u00f3rno\u015bl\u0105ska<\/td><td>Przy placu zabaw<\/td><td>\u015ami\u0142owice<\/td><\/tr><tr><td>4.<\/td><td>ul. Zamkowa<\/td><td>Parking przy ko\u015bciele<\/td><td>Mokre<\/td><\/tr><tr><td>5.<\/td><td>ul. ks. H. Szymankiewicza<\/td><td>Parking przy boisku<\/td><td>Paniowy<\/td><\/tr><tr><td>6.<\/td><td>ul. Paprotek<\/td><td>Parking przy przedszkolu<\/td><td>Kamionka<\/td><\/tr><tr><td>7.<\/td><td>os. Mickiewicza<\/td><td>Przy \u015bmietniku w rej. budynku nr 24<\/td><td>Centrum <\/td><\/tr><tr><td>8.<\/td><td>ul. T. Wi\u0119cka<\/td><td>Parking<\/td><td>Centrum<\/td><\/tr><tr><td>9.<\/td><td>ul. Nowy \u015awiat<\/td><td>Dzia\u0142ka gminna pomi\u0119dzy ul. Nowy \u015awiat a ul. Wodn\u0105<\/td><td>Centrum<\/td><\/tr><tr><td>10.<\/td><td>ul. Krakowska 32<\/td><td>Przy \u015bmietniku od strony ul. M. Gra\u017cy\u0144skiego<\/td><td>Centrum<\/td><\/tr><tr><td>11.<\/td><td>os. C.K.Norwida<\/td><td>Przy \u015bmietniku w rej. budynku nr 4<\/td><td>Centrum<\/td><\/tr><tr><td>12.<\/td><td>ul. Klonowa<\/td><td>Dzia\u0142ka gmina pomi\u0119dzy nr 1 a 3<\/td><td>Centrum &#8211; Regielowiec<\/td><\/tr><\/tbody><\/table><\/figure>\n\n\n\n<p>3) <strong>ODBI\u00d3R WIELKOGABARYTOWYCH ELEKTROODPAD\u00d3W<\/strong> <strong>BEZPO\u015aREDNIO Z NIERUCHOMO\u015aCI<\/strong><\/p>\n\n\n\n<p>Ponadto wielkogabarytowe elektroodpady (kompletne) z nieruchomo\u015bci zamieszka\u0142ych mo\u017cna zg\u0142asza\u0107 do bezp\u0142atnego odbioru za po\u015brednictwem infolinii pod nr telefonu 32 737 85 87 lub formularza dost\u0119pnego na elektronicznej platformie <a href=\"http:\/\/www.decydujesz.pl\/\">www.decydujesz.pl<\/a>.<\/p>\n\n\n\n<p><strong>Do<\/strong><strong> <\/strong><strong>wielkogabarytowych elektroodpad\u00f3w AGD zalicza<\/strong><strong>ne s\u0105<\/strong><strong>:<\/strong><\/p>\n\n\n\n<ul class=\"wp-block-list\">\n<li>lod\u00f3wki,<\/li>\n\n\n\n<li>zamra\u017carki<\/li>\n\n\n\n<li>pralki<\/li>\n\n\n\n<li>kuchenki elektryczne oraz gazowo- elektryczne<\/li>\n\n\n\n<li>suszarki do ubra\u0144<\/li>\n\n\n\n<li>zmywarki<\/li>\n<\/ul>\n\n\n\n<p>Odbi\u00f3r pozosta\u0142ych elektroodpad\u00f3w lub niekompletnych wielkogabarytowych urz\u0105dze\u0144 AGD realizowany jest za odp\u0142atno\u015bci\u0105.<\/p>\n\n\n\n<p>Szczeg\u00f3\u0142owy regulamin odbioru wielkogabarytowych elektroodpad\u00f3w bezpo\u015brednio z nieruchomo\u015bci zamieszka\u0142ych poni\u017cej: <\/p>\n\n\n\n<div data-wp-interactive=\"core\/file\" class=\"wp-block-file\"><object data-wp-bind--hidden=\"!state.hasPdfPreview\" hidden class=\"wp-block-file__embed\" data=\"http:\/\/mikolow.eu\/odpady\/wp-content\/uploads\/sites\/13\/2022\/08\/Regulamin_odbioru_zuzytego_sprzetu_decydujesz_pl-1.pdf\" type=\"application\/pdf\" style=\"width:100%;height:200px\" aria-label=\"Osadzone z Regulamin_odbioru_zuzytego_sprzetu_decydujesz_pl (1).\"><\/object><a id=\"wp-block-file--media-7a5f83bc-278e-41ef-9773-ed3e4392c16a\" href=\"http:\/\/mikolow.eu\/odpady\/wp-content\/uploads\/sites\/13\/2022\/08\/Regulamin_odbioru_zuzytego_sprzetu_decydujesz_pl-1.pdf\">Regulamin_odbioru_zuzytego_sprzetu_decydujesz_pl (1)<\/a><a href=\"http:\/\/mikolow.eu\/odpady\/wp-content\/uploads\/sites\/13\/2022\/08\/Regulamin_odbioru_zuzytego_sprzetu_decydujesz_pl-1.pdf\" class=\"wp-block-file__button wp-element-button\" download aria-describedby=\"wp-block-file--media-7a5f83bc-278e-41ef-9773-ed3e4392c16a\">Pobierz<\/a><\/div>\n\n\n\n<p>Zgodnie z porozumieniem stron gmina Miko\u0142\u00f3w nie ponosi jakichkolwiek op\u0142at zwi\u0105zanych z odbiorem odpad\u00f3w.<\/p>\n\n\n\n<hr class=\"wp-block-separator has-css-opacity\" \/>\n\n\n\n<p>4) <strong>PUNKT SELEKTYWNEGO ZBIERANIA ODPAD\u00d3W KOMUNALNYCH<\/strong><\/p>\n\n\n\n<p>Sprz\u0119t elektryczny i&nbsp;elektroniczny, w tym zu\u017cyte baterie i akumulatory mieszka\u0144cy mog\u0105 r\u00f3wnie\u017c odda\u0107 nieodp\u0142atnie do&nbsp;<strong>Punktu Selektywnego Zbierania Odpad\u00f3w Komunalnych&nbsp;<\/strong>przy ul.M. Dzie\u0144dziela 44 w Miko\u0142owie.<\/p>\n\n\n\n<figure class=\"wp-block-table\"><table class=\"has-background\" style=\"background-color:#e9fbe5\"><tbody><tr><td><strong>Firma, oznaczenie siedziby i&nbsp;adres albo&nbsp;imi\u0119, nazwisko i&nbsp;adres prowadz\u0105cego punkt<\/strong> <\/td><td><\/td><td><\/td><td><\/td><td><\/td><td><\/td><td><strong>Godziny przyjmowania odpad\u00f3w<\/strong> <\/td><\/tr><tr><td><\/td><td><\/td><td><\/td><td><\/td><td><\/td><td><\/td><td><\/td><\/tr><tr><td>Punkt Selektywnej Zbi\u00f3rki Odpad\u00f3w Komunalnych<br>(PSZOK)<br>ul.&nbsp;Dzie\u0144dziela 44<br>43-190 Miko\u0142\u00f3w <\/td><td><\/td><td><\/td><td><\/td><td><\/td><td><\/td><td>pon. &#8211; pt.&nbsp;6<sup>30<\/sup>-19<sup>30<\/sup><br>sob. 8<sup>00<\/sup>-15<sup>30<\/sup><\/td><\/tr><\/tbody><\/table><\/figure>\n\n\n\n<p>5) <strong>POZOSTA\u0141E PUNKTY ODBIORU ELEKTROODPAD\u00d3W<\/strong><\/p>\n\n\n\n<p><\/p>\n\n\n\n<p>Baterie mo\u017cna r\u00f3wnie\u017c dostarczy\u0107 do&nbsp;punkt\u00f3w zbi\u00f3rki baterii zorganizowanych w&nbsp;plac\u00f3wkach handlowych, szko\u0142ach, przedszkolach, obiektach u\u017cyteczno\u015bci publicznej.<\/p>\n\n\n\n<p>Podczas zakupu nowego sprz\u0119tu w sklepie mo\u017cna w nim zostawi\u0107 nieodp\u0142atnie taki sam zu\u017cyty sprz\u0119t.<\/p>\n\n\n\n<p>Wykaz przedsi\u0119biorc\u00f3w prowadz\u0105cych dzia\u0142alno\u015b\u0107 w&nbsp;zakresie zbierania sprz\u0119tu elektrycznego i&nbsp;elektronicznego znajduje si\u0119 na&nbsp;stronie&nbsp;&nbsp;<a href=\"https:\/\/bdo.mos.gov.pl\/%20.\">https:\/\/bdo.mos.gov.pl\/&nbsp;<\/a>.<\/p>\n\n\n\n<p><\/p>\n\n\n\n<hr class=\"wp-block-separator has-css-opacity\" \/>\n","protected":false},"excerpt":{"rendered":"<p>ELEKTRO\u015aMIECI Gdzie mo\u017cna odda\u0107 elektroodpady? Na terenie gminy znajduj\u0105 si\u0119 tzw. Punkty Zbi\u00f3rki Elektroodpad\u00f3w przeznaczone do zbierania mniejszych elektroodpad\u00f3w rozmieszczone w nast\u0119puj\u0105cych lokalizacjach: plac Synagogi \/ kierunek Tychy Kamionka \/ parking ul. Paprotek Mokre \/ parking , ul. Zamkowa Paniowy \/ parking ul. Staroko\u015bcielna Bujak\u00f3w \/ plac przed so\u0142tys\u00f3wk\u0105 Mo\u017cna do&nbsp;nich wrzuca\u0107 zu\u017cyte baterie, \u017car\u00f3wki,<\/p>\n","protected":false},"author":20,"featured_media":460,"parent":1704,"menu_order":1,"comment_status":"closed","ping_status":"closed","template":"przyroda.php","meta":{"_acf_changed":false,"footnotes":""},"class_list":["post-453","page","type-page","status-publish","has-post-thumbnail","hentry"],"acf":[],"yoast_head":"<!-- This site is optimized with the Yoast SEO plugin v27.4 - https:\/\/yoast.com\/product\/yoast-seo-wordpress\/ -->\n<title>Elektro\u015bmieci - odpady<\/title>\n<meta name=\"robots\" content=\"index, follow, max-snippet:-1, max-image-preview:large, max-video-preview:-1\" \/>\n<link rel=\"canonical\" href=\"https:\/\/mikolow.eu\/odpady\/jak-segregowac\/elektrosmieci\/\" \/>\n<meta property=\"og:locale\" content=\"pl_PL\" \/>\n<meta property=\"og:type\" content=\"article\" \/>\n<meta property=\"og:title\" content=\"Elektro\u015bmieci - odpady\" \/>\n<meta property=\"og:description\" content=\"ELEKTRO\u015aMIECI Gdzie mo\u017cna odda\u0107 elektroodpady? Na terenie gminy znajduj\u0105 si\u0119 tzw. Punkty Zbi\u00f3rki Elektroodpad\u00f3w przeznaczone do zbierania mniejszych elektroodpad\u00f3w rozmieszczone w nast\u0119puj\u0105cych lokalizacjach: plac Synagogi \/ kierunek Tychy Kamionka \/ parking ul. Paprotek Mokre \/ parking , ul. Zamkowa Paniowy \/ parking ul. Staroko\u015bcielna Bujak\u00f3w \/ plac przed so\u0142tys\u00f3wk\u0105 Mo\u017cna do&nbsp;nich wrzuca\u0107 zu\u017cyte baterie, \u017car\u00f3wki,\" \/>\n<meta property=\"og:url\" content=\"https:\/\/mikolow.eu\/odpady\/jak-segregowac\/elektrosmieci\/\" \/>\n<meta property=\"og:site_name\" content=\"odpady\" \/>\n<meta property=\"article:modified_time\" content=\"2026-03-23T06:54:43+00:00\" \/>\n<meta property=\"og:image\" content=\"http:\/\/mikolow.eu\/odpady\/wp-content\/uploads\/sites\/13\/2020\/03\/batteries-364217_640.jpg\" \/>\n\t<meta property=\"og:image:width\" content=\"640\" \/>\n\t<meta property=\"og:image:height\" content=\"341\" \/>\n\t<meta property=\"og:image:type\" content=\"image\/jpeg\" \/>\n<meta name=\"twitter:card\" content=\"summary_large_image\" \/>\n<meta name=\"twitter:label1\" content=\"Szacowany czas czytania\" \/>\n\t<meta name=\"twitter:data1\" content=\"4 minuty\" \/>\n<script type=\"application\/ld+json\" class=\"yoast-schema-graph\">{\"@context\":\"https:\\\/\\\/schema.org\",\"@graph\":[{\"@type\":\"WebPage\",\"@id\":\"https:\\\/\\\/mikolow.eu\\\/odpady\\\/jak-segregowac\\\/elektrosmieci\\\/\",\"url\":\"https:\\\/\\\/mikolow.eu\\\/odpady\\\/jak-segregowac\\\/elektrosmieci\\\/\",\"name\":\"Elektro\u015bmieci - odpady\",\"isPartOf\":{\"@id\":\"https:\\\/\\\/mikolow.eu\\\/odpady\\\/#website\"},\"primaryImageOfPage\":{\"@id\":\"https:\\\/\\\/mikolow.eu\\\/odpady\\\/jak-segregowac\\\/elektrosmieci\\\/#primaryimage\"},\"image\":{\"@id\":\"https:\\\/\\\/mikolow.eu\\\/odpady\\\/jak-segregowac\\\/elektrosmieci\\\/#primaryimage\"},\"thumbnailUrl\":\"https:\\\/\\\/mikolow.eu\\\/odpady\\\/wp-content\\\/uploads\\\/sites\\\/13\\\/2020\\\/03\\\/batteries-364217_640.jpg\",\"datePublished\":\"2020-03-06T09:05:39+00:00\",\"dateModified\":\"2026-03-23T06:54:43+00:00\",\"breadcrumb\":{\"@id\":\"https:\\\/\\\/mikolow.eu\\\/odpady\\\/jak-segregowac\\\/elektrosmieci\\\/#breadcrumb\"},\"inLanguage\":\"pl-PL\",\"potentialAction\":[{\"@type\":\"ReadAction\",\"target\":[\"https:\\\/\\\/mikolow.eu\\\/odpady\\\/jak-segregowac\\\/elektrosmieci\\\/\"]}]},{\"@type\":\"ImageObject\",\"inLanguage\":\"pl-PL\",\"@id\":\"https:\\\/\\\/mikolow.eu\\\/odpady\\\/jak-segregowac\\\/elektrosmieci\\\/#primaryimage\",\"url\":\"https:\\\/\\\/mikolow.eu\\\/odpady\\\/wp-content\\\/uploads\\\/sites\\\/13\\\/2020\\\/03\\\/batteries-364217_640.jpg\",\"contentUrl\":\"https:\\\/\\\/mikolow.eu\\\/odpady\\\/wp-content\\\/uploads\\\/sites\\\/13\\\/2020\\\/03\\\/batteries-364217_640.jpg\",\"width\":640,\"height\":341},{\"@type\":\"BreadcrumbList\",\"@id\":\"https:\\\/\\\/mikolow.eu\\\/odpady\\\/jak-segregowac\\\/elektrosmieci\\\/#breadcrumb\",\"itemListElement\":[{\"@type\":\"ListItem\",\"position\":1,\"name\":\"Strona g\u0142\u00f3wna\",\"item\":\"https:\\\/\\\/mikolow.eu\\\/odpady\\\/\"},{\"@type\":\"ListItem\",\"position\":2,\"name\":\"Jak segregowa\u0107\",\"item\":\"https:\\\/\\\/mikolow.eu\\\/odpady\\\/jak-segregowac\\\/\"},{\"@type\":\"ListItem\",\"position\":3,\"name\":\"Elektro\u015bmieci\"}]},{\"@type\":\"WebSite\",\"@id\":\"https:\\\/\\\/mikolow.eu\\\/odpady\\\/#website\",\"url\":\"https:\\\/\\\/mikolow.eu\\\/odpady\\\/\",\"name\":\"odpady\",\"description\":\"odpady\",\"publisher\":{\"@id\":\"https:\\\/\\\/mikolow.eu\\\/odpady\\\/#organization\"},\"potentialAction\":[{\"@type\":\"SearchAction\",\"target\":{\"@type\":\"EntryPoint\",\"urlTemplate\":\"https:\\\/\\\/mikolow.eu\\\/odpady\\\/?s={search_term_string}\"},\"query-input\":{\"@type\":\"PropertyValueSpecification\",\"valueRequired\":true,\"valueName\":\"search_term_string\"}}],\"inLanguage\":\"pl-PL\"},{\"@type\":\"Organization\",\"@id\":\"https:\\\/\\\/mikolow.eu\\\/odpady\\\/#organization\",\"name\":\"odpady\",\"url\":\"https:\\\/\\\/mikolow.eu\\\/odpady\\\/\",\"logo\":{\"@type\":\"ImageObject\",\"inLanguage\":\"pl-PL\",\"@id\":\"https:\\\/\\\/mikolow.eu\\\/odpady\\\/#\\\/schema\\\/logo\\\/image\\\/\",\"url\":\"https:\\\/\\\/mikolow.eu\\\/odpady\\\/wp-content\\\/uploads\\\/sites\\\/13\\\/2020\\\/04\\\/cropped-logo_v16-1.png\",\"contentUrl\":\"https:\\\/\\\/mikolow.eu\\\/odpady\\\/wp-content\\\/uploads\\\/sites\\\/13\\\/2020\\\/04\\\/cropped-logo_v16-1.png\",\"width\":1013,\"height\":250,\"caption\":\"odpady\"},\"image\":{\"@id\":\"https:\\\/\\\/mikolow.eu\\\/odpady\\\/#\\\/schema\\\/logo\\\/image\\\/\"}}]}<\/script>\n<!-- \/ Yoast SEO plugin. -->","yoast_head_json":{"title":"Elektro\u015bmieci - odpady","robots":{"index":"index","follow":"follow","max-snippet":"max-snippet:-1","max-image-preview":"max-image-preview:large","max-video-preview":"max-video-preview:-1"},"canonical":"https:\/\/mikolow.eu\/odpady\/jak-segregowac\/elektrosmieci\/","og_locale":"pl_PL","og_type":"article","og_title":"Elektro\u015bmieci - odpady","og_description":"ELEKTRO\u015aMIECI Gdzie mo\u017cna odda\u0107 elektroodpady? Na terenie gminy znajduj\u0105 si\u0119 tzw. Punkty Zbi\u00f3rki Elektroodpad\u00f3w przeznaczone do zbierania mniejszych elektroodpad\u00f3w rozmieszczone w nast\u0119puj\u0105cych lokalizacjach: plac Synagogi \/ kierunek Tychy Kamionka \/ parking ul. Paprotek Mokre \/ parking , ul. Zamkowa Paniowy \/ parking ul. Staroko\u015bcielna Bujak\u00f3w \/ plac przed so\u0142tys\u00f3wk\u0105 Mo\u017cna do&nbsp;nich wrzuca\u0107 zu\u017cyte baterie, \u017car\u00f3wki,","og_url":"https:\/\/mikolow.eu\/odpady\/jak-segregowac\/elektrosmieci\/","og_site_name":"odpady","article_modified_time":"2026-03-23T06:54:43+00:00","og_image":[{"width":640,"height":341,"url":"http:\/\/mikolow.eu\/odpady\/wp-content\/uploads\/sites\/13\/2020\/03\/batteries-364217_640.jpg","type":"image\/jpeg"}],"twitter_card":"summary_large_image","twitter_misc":{"Szacowany czas czytania":"4 minuty"},"schema":{"@context":"https:\/\/schema.org","@graph":[{"@type":"WebPage","@id":"https:\/\/mikolow.eu\/odpady\/jak-segregowac\/elektrosmieci\/","url":"https:\/\/mikolow.eu\/odpady\/jak-segregowac\/elektrosmieci\/","name":"Elektro\u015bmieci - odpady","isPartOf":{"@id":"https:\/\/mikolow.eu\/odpady\/#website"},"primaryImageOfPage":{"@id":"https:\/\/mikolow.eu\/odpady\/jak-segregowac\/elektrosmieci\/#primaryimage"},"image":{"@id":"https:\/\/mikolow.eu\/odpady\/jak-segregowac\/elektrosmieci\/#primaryimage"},"thumbnailUrl":"https:\/\/mikolow.eu\/odpady\/wp-content\/uploads\/sites\/13\/2020\/03\/batteries-364217_640.jpg","datePublished":"2020-03-06T09:05:39+00:00","dateModified":"2026-03-23T06:54:43+00:00","breadcrumb":{"@id":"https:\/\/mikolow.eu\/odpady\/jak-segregowac\/elektrosmieci\/#breadcrumb"},"inLanguage":"pl-PL","potentialAction":[{"@type":"ReadAction","target":["https:\/\/mikolow.eu\/odpady\/jak-segregowac\/elektrosmieci\/"]}]},{"@type":"ImageObject","inLanguage":"pl-PL","@id":"https:\/\/mikolow.eu\/odpady\/jak-segregowac\/elektrosmieci\/#primaryimage","url":"https:\/\/mikolow.eu\/odpady\/wp-content\/uploads\/sites\/13\/2020\/03\/batteries-364217_640.jpg","contentUrl":"https:\/\/mikolow.eu\/odpady\/wp-content\/uploads\/sites\/13\/2020\/03\/batteries-364217_640.jpg","width":640,"height":341},{"@type":"BreadcrumbList","@id":"https:\/\/mikolow.eu\/odpady\/jak-segregowac\/elektrosmieci\/#breadcrumb","itemListElement":[{"@type":"ListItem","position":1,"name":"Strona g\u0142\u00f3wna","item":"https:\/\/mikolow.eu\/odpady\/"},{"@type":"ListItem","position":2,"name":"Jak segregowa\u0107","item":"https:\/\/mikolow.eu\/odpady\/jak-segregowac\/"},{"@type":"ListItem","position":3,"name":"Elektro\u015bmieci"}]},{"@type":"WebSite","@id":"https:\/\/mikolow.eu\/odpady\/#website","url":"https:\/\/mikolow.eu\/odpady\/","name":"odpady","description":"odpady","publisher":{"@id":"https:\/\/mikolow.eu\/odpady\/#organization"},"potentialAction":[{"@type":"SearchAction","target":{"@type":"EntryPoint","urlTemplate":"https:\/\/mikolow.eu\/odpady\/?s={search_term_string}"},"query-input":{"@type":"PropertyValueSpecification","valueRequired":true,"valueName":"search_term_string"}}],"inLanguage":"pl-PL"},{"@type":"Organization","@id":"https:\/\/mikolow.eu\/odpady\/#organization","name":"odpady","url":"https:\/\/mikolow.eu\/odpady\/","logo":{"@type":"ImageObject","inLanguage":"pl-PL","@id":"https:\/\/mikolow.eu\/odpady\/#\/schema\/logo\/image\/","url":"https:\/\/mikolow.eu\/odpady\/wp-content\/uploads\/sites\/13\/2020\/04\/cropped-logo_v16-1.png","contentUrl":"https:\/\/mikolow.eu\/odpady\/wp-content\/uploads\/sites\/13\/2020\/04\/cropped-logo_v16-1.png","width":1013,"height":250,"caption":"odpady"},"image":{"@id":"https:\/\/mikolow.eu\/odpady\/#\/schema\/logo\/image\/"}}]}},"_links":{"self":[{"href":"https:\/\/mikolow.eu\/odpady\/wp-json\/wp\/v2\/pages\/453","targetHints":{"allow":["GET"]}}],"collection":[{"href":"https:\/\/mikolow.eu\/odpady\/wp-json\/wp\/v2\/pages"}],"about":[{"href":"https:\/\/mikolow.eu\/odpady\/wp-json\/wp\/v2\/types\/page"}],"author":[{"embeddable":true,"href":"https:\/\/mikolow.eu\/odpady\/wp-json\/wp\/v2\/users\/20"}],"replies":[{"embeddable":true,"href":"https:\/\/mikolow.eu\/odpady\/wp-json\/wp\/v2\/comments?post=453"}],"version-history":[{"count":25,"href":"https:\/\/mikolow.eu\/odpady\/wp-json\/wp\/v2\/pages\/453\/revisions"}],"predecessor-version":[{"id":4142,"href":"https:\/\/mikolow.eu\/odpady\/wp-json\/wp\/v2\/pages\/453\/revisions\/4142"}],"up":[{"embeddable":true,"href":"https:\/\/mikolow.eu\/odpady\/wp-json\/wp\/v2\/pages\/1704"}],"wp:featuredmedia":[{"embeddable":true,"href":"https:\/\/mikolow.eu\/odpady\/wp-json\/wp\/v2\/media\/460"}],"wp:attachment":[{"href":"https:\/\/mikolow.eu\/odpady\/wp-json\/wp\/v2\/media?parent=453"}],"curies":[{"name":"wp","href":"https:\/\/api.w.org\/{rel}","templated":true}]}}