{"id":450,"date":"2020-03-06T10:03:41","date_gmt":"2020-03-06T09:03:41","guid":{"rendered":"http:\/\/mikolow.eu\/testowa\/?page_id=450"},"modified":"2026-03-23T07:55:53","modified_gmt":"2026-03-23T06:55:53","slug":"odziez","status":"publish","type":"page","link":"https:\/\/mikolow.eu\/odpady\/jak-segregowac\/odziez\/","title":{"rendered":"Odzie\u017c"},"content":{"rendered":"\n<p class=\"has-text-align-center has-very-light-gray-background-color has-text-color has-background\" style=\"color:#000000;font-size:22px\">Odzie\u017c<\/p>\n\n\n\n<p><strong> <\/strong><\/p>\n\n\n\n<p><strong>CO Z ODPADAMI \u2013 TEKSTYLIAMI OD NOWEGO ROKU 2025 ?<\/strong><\/p>\n\n\n\n<p><strong>Od 1 stycznia 2025 r. zmieniaj\u0105 si\u0119 zasady dotycz\u0105ce odpad\u00f3w tekstylnych.<\/strong><\/p>\n\n\n\n<p>Zb\u0119dna odzie\u017c, obuwie oraz tekstylia, takie jak obrusy, firanki, zas\u0142ony, koce, narzuty, po\u015bciel, prze\u015bcierad\u0142a, r\u0119czniki itp.,&nbsp;<strong>nie mog\u0105 by\u0107 wrzucane do pojemnik\u00f3w na odpady zmieszane a musz\u0105 by\u0107 oddzielone od innych i oddane osobno wysegregowane.<\/strong>&nbsp;Umieszczenie ich w niew\u0142a\u015bciwym pojemniku b\u0119dzie traktowane jako brak segregacji i mo\u017ce skutkowa\u0107 podwy\u017cszeniem op\u0142aty za gospodarowanie odpadami komunalnymi.<\/p>\n\n\n\n<p><strong>Jak post\u0119powa\u0107 z odpadami tekstylnymi?<\/strong><\/p>\n\n\n\n<p><strong>1. <\/strong>Odzie\u017c, obuwie i tekstylia  mo\u017cna wrzuca\u0107 do kontener\u00f3w rozmieszczonych na terenie gminy. Poni\u017cej wykaz lokalizacji kontener\u00f3w.<\/p>\n\n\n\n<figure class=\"wp-block-table\"><table class=\"has-fixed-layout\"><tbody><tr><td><strong>L.p.<\/strong><\/td><td><strong>Lokalizacja<\/strong><\/td><td><strong>Rejon <\/strong><strong>gminy<\/strong><\/td><\/tr><tr><td>1<\/td><td>\u0142\u0105cznik ul. B.Krawczyka \u2013 ul. L.Wary\u0144skiego za parkingiem<\/td><td>centrum<\/td><\/tr><tr><td>2<\/td><td>ul. Cmentarna (parking przy wej\u015bciu na cmentarz)<\/td><td>centrum<\/td><\/tr><tr><td>3<\/td><td>os.Norwida (przy ogrodzeniu ul.Podleska 9b, przy skrzy\u017cowaniu z ul.Podlesk\u0105)<\/td><td>centrum<\/td><\/tr><tr><td>4<\/td><td>ul. Klonowa \u2013 dzia\u0142ka pomi\u0119dzy nr 1 a 3- obok pojemnika na elektroodpady<\/td><td>centrum<\/td><\/tr><tr><td>5<\/td><td>ul. J.S\u0142owackiego (obok wiaty \u015bmietnikowej Pszczy\u0144ska)<\/td><td>centrum<\/td><\/tr><tr><td>6<\/td><td>ul. Konstytucji 3 Maja (przy basenie i lodowisku)<\/td><td>centrum<\/td><\/tr><tr><td>7<\/td><td>os.A.Mickiewicza (przy wiacie \u015bmietnikowej bli\u017cej ul.Fabrycznej)<\/td><td>centrum<\/td><\/tr><tr><td>8<\/td><td>ul. S.Okrzei (na parkingu przy wej\u015bciu na cmentarz)<\/td><td>centrum<\/td><\/tr><tr><td>9<\/td><td>ul. Stolarska (przy placu zabaw, za budynkiem 21)<\/td><td>centrum<\/td><\/tr><tr><td>10<\/td><td>ul. Nowy \u015awiat \u2013 w rejonie placu zabaw<\/td><td>centrum<\/td><\/tr><tr><td>11<\/td><td>Osiedle przy Plantach naprzeciw nr 2 przy \u015bmietniku<\/td><td>centrum<\/td><\/tr><tr><td>12<\/td><td>ul. T.Wi\u0119cka k\/pojemnika na elektroodpady<\/td><td>centrum<\/td><\/tr><tr><td>13<\/td><td>ul. M\u0142y\u0144ska \u2013 przy budynku nr 122<\/td><td>centrum<\/td><\/tr><tr><td>14<\/td><td>ul. Szkolna (przy cmentarzu)<\/td><td>Bujak\u00f3w<\/td><\/tr><tr><td>15<\/td><td>ul. M.Dzie\u0144dziela obok przystanku Reta ko\u015bci\u00f3\u0142<\/td><td>Reta<\/td><\/tr><tr><td>16<\/td><td>ul. Mokierska &#8211; ul. ks. Szymankiewicza &#8211; k\/boiska<\/td><td>Paniowy<\/td><\/tr><tr><td>17<\/td><td>ul. Zamkowa (na parkingu przy ko\u015bciele, przy pojemniku na elektrodpady)<\/td><td>Mokre<br><\/td><\/tr><\/tbody><\/table><\/figure>\n\n\n\n<figure class=\"wp-block-table\"><table class=\"has-fixed-layout\"><tbody><tr><td>18<\/td><td>ul. R\u00f3wnoleg\u0142a (przy so\u0142tys\u00f3wce)<\/td><td>Borowa Wie\u015b<\/td><\/tr><tr><td>19<\/td><td>ul. G\u00f3rno\u015bl\u0105ska (przy placu zabaw)<\/td><td>\u015ami\u0142owice<\/td><\/tr><\/tbody><\/table><\/figure>\n\n\n\n<figure class=\"wp-block-table\"><table class=\"has-fixed-layout\"><tbody><tr><td>20<\/td><td>ul. Katowicka \u2013 ul. Paprotek \u2013 parking naprzeciw przedszkola<\/td><td>Kamionka<\/td><\/tr><\/tbody><\/table><\/figure>\n\n\n\n<p><strong>Prosimy o zachowanie porz\u0105dku i nie pozostawianie odpad\u00f3w przy pojemnikach na odzie\u017c, gdy\u017c&nbsp; powoduje to ba\u0142agan.<\/strong><\/p>\n\n\n\n<p><strong>Zamiast zostawia\u0107 odzie\u017c obok mo\u017cna poszuka\u0107 innego wolnego pojemnika i tam j\u0105&nbsp; wrzuci\u0107.<\/strong><\/p>\n\n\n\n<p><strong>Przepe\u0142niony pojemnik na odzie\u017c mo\u017cna zg\u0142osi\u0107 do Referatu Us\u0142ug Komunalnych, Rynek 20, 43-190 Miko\u0142\u00f3w,&nbsp; tel. 32 32 48 569, email: <a href=\"mailto:uslugi.komunalne@mikolow.eu\">uslugi.komunalne@mikolow.eu<\/a><\/strong><\/p>\n\n\n\n<p><\/p>\n\n\n\n<p><strong>2.&nbsp;<\/strong><strong>Co zrobi\u0107 z odzie\u017c\u0105 nadaj\u0105c\u0105 si\u0119 do ponownego wykorzystania?<\/strong><\/p>\n\n\n\n<p>Najlepszym sposobem na pozbycie si\u0119 zb\u0119dnych rzeczy nadaj\u0105cych si\u0119 do ponownego wykorzystania jest oddanie ich do miejsc, z kt\u00f3rych trafi\u0105 do os\u00f3b, kt\u00f3re ch\u0119tnie z nich jeszcze skorzystaj\u0105.<\/p>\n\n\n\n<p>Ubrania w dobrym stanie mo\u017cna przekaza\u0107 na cele charytatywne lub skorzysta\u0107 z innych opcji:<\/p>\n\n\n\n<p>\u2013 odda\u0107 do&nbsp;<strong>Punktu Spo\u0142ecznej \u017byczliwo\u015bci<\/strong>&nbsp;przy ul. Podleskiej 14d (<strong>tel.&nbsp;<\/strong><strong>531-252-887<\/strong>),<\/p>\n\n\n\n<p>\u2013 skorzysta\u0107 z platform takich jak&nbsp;<strong>InPost<\/strong>&nbsp;lub&nbsp;<strong>UbraniadoOddania.pl<\/strong>.<\/p>\n\n\n\n<p>\u2013  odda\u0107 w wybranych sklepach.<\/p>\n\n\n\n<p>Dzi\u0119ki tym rozwi\u0105zaniom mo\u017cemy wsp\u00f3lnie dba\u0107 o \u015brodowisko i lepiej zarz\u0105dza\u0107 odpadami tekstylnymi.<\/p>\n\n\n\n<p><\/p>\n\n\n\n<p><strong>3.&nbsp;<\/strong><strong>Mo\u017cna te\u017c samemu je zawie\u017a\u0107 na&nbsp;<\/strong><strong>PSZOK (Punkt Selektywnej Zbi\u00f3rki Odpad\u00f3w Komunalnych)<\/strong><\/p>\n\n\n\n<p>Odpady tekstylne mo\u017cna r\u00f3wnie\u017c dostarczy\u0107 na PSZOK-u w Miko\u0142owie przy ul. M. Dzie\u0144dziela 44. Korzystanie z PSZOK-u wymaga&nbsp;<strong>Karty PSZOK<\/strong>, kt\u00f3r\u0105 mo\u017cna wyrobi\u0107:<\/p>\n\n\n\n<p>\u2013 w\u0142a\u015bciciele nieruchomo\u015bci jednorodzinnych i mieszanych (w cz\u0119\u015bci jednorodzinnej i w cz\u0119\u015bci niezamieszka\u0142ej) mog\u0105 odebra\u0107 w Urz\u0119dzie Miasta Miko\u0142\u00f3w (Rynek 16, sala nr 1 lub pok\u00f3j nr 4,&nbsp;<strong>tel.&nbsp;<\/strong><strong>32-32-48-433<\/strong>).<\/p>\n\n\n\n<p>\u2013 w przypadku nieruchomo\u015bci wielorodzinnych (blok\u00f3w, kamienic), w\u0142a\u015bciciele lub najemcy lokali musz\u0105 okaza\u0107: o\u015bwiadczenie administratora budynku i dow\u00f3d osobisty.<\/p>\n\n\n\n<p>Osoby dzia\u0142aj\u0105ce w imieniu w\u0142a\u015bciciela lub najemcy musz\u0105 dodatkowo przedstawi\u0107 upowa\u017cnienie do transportu odpad\u00f3w&nbsp;<strong>(<\/strong><strong>za\u0142. 2 \u2013&nbsp;<\/strong><strong>link: https:\/\/mikolow.eu\/odpady\/gospodarowanie-odpadami\/pszok-mikolow\/pszok-zasady-przyjmowania\/)<\/strong>.<\/p>\n\n\n\n<p><\/p>\n","protected":false},"excerpt":{"rendered":"<p>Odzie\u017c CO Z ODPADAMI \u2013 TEKSTYLIAMI OD NOWEGO ROKU 2025 ? Od 1 stycznia 2025 r. zmieniaj\u0105 si\u0119 zasady dotycz\u0105ce odpad\u00f3w tekstylnych. Zb\u0119dna odzie\u017c, obuwie oraz tekstylia, takie jak obrusy, firanki, zas\u0142ony, koce, narzuty, po\u015bciel, prze\u015bcierad\u0142a, r\u0119czniki itp.,&nbsp;nie mog\u0105 by\u0107 wrzucane do pojemnik\u00f3w na odpady zmieszane a musz\u0105 by\u0107 oddzielone od innych i oddane osobno<\/p>\n","protected":false},"author":20,"featured_media":3821,"parent":1704,"menu_order":2,"comment_status":"closed","ping_status":"closed","template":"przyroda.php","meta":{"_acf_changed":false,"footnotes":""},"class_list":["post-450","page","type-page","status-publish","has-post-thumbnail","hentry"],"acf":[],"yoast_head":"<!-- This site is optimized with the Yoast SEO plugin v27.5 - https:\/\/yoast.com\/product\/yoast-seo-wordpress\/ -->\n<title>Odzie\u017c - odpady<\/title>\n<meta name=\"robots\" content=\"index, follow, max-snippet:-1, max-image-preview:large, max-video-preview:-1\" \/>\n<link rel=\"canonical\" href=\"https:\/\/mikolow.eu\/odpady\/jak-segregowac\/odziez\/\" \/>\n<meta property=\"og:locale\" content=\"pl_PL\" \/>\n<meta property=\"og:type\" content=\"article\" \/>\n<meta property=\"og:title\" content=\"Odzie\u017c - odpady\" \/>\n<meta property=\"og:description\" content=\"Odzie\u017c CO Z ODPADAMI \u2013 TEKSTYLIAMI OD NOWEGO ROKU 2025 ? Od 1 stycznia 2025 r. zmieniaj\u0105 si\u0119 zasady dotycz\u0105ce odpad\u00f3w tekstylnych. Zb\u0119dna odzie\u017c, obuwie oraz tekstylia, takie jak obrusy, firanki, zas\u0142ony, koce, narzuty, po\u015bciel, prze\u015bcierad\u0142a, r\u0119czniki itp.,&nbsp;nie mog\u0105 by\u0107 wrzucane do pojemnik\u00f3w na odpady zmieszane a musz\u0105 by\u0107 oddzielone od innych i oddane osobno\" \/>\n<meta property=\"og:url\" content=\"https:\/\/mikolow.eu\/odpady\/jak-segregowac\/odziez\/\" \/>\n<meta property=\"og:site_name\" content=\"odpady\" \/>\n<meta property=\"article:modified_time\" content=\"2026-03-23T06:55:53+00:00\" \/>\n<meta property=\"og:image\" content=\"https:\/\/mikolow.eu\/odpady\/wp-content\/uploads\/sites\/13\/2021\/01\/logo.png\" \/>\n\t<meta property=\"og:image:width\" content=\"1024\" \/>\n\t<meta property=\"og:image:height\" content=\"675\" \/>\n\t<meta property=\"og:image:type\" content=\"image\/png\" \/>\n<meta name=\"twitter:card\" content=\"summary_large_image\" \/>\n<meta name=\"twitter:label1\" content=\"Szacowany czas czytania\" \/>\n\t<meta name=\"twitter:data1\" content=\"4 minuty\" \/>\n<script type=\"application\/ld+json\" class=\"yoast-schema-graph\">{\"@context\":\"https:\\\/\\\/schema.org\",\"@graph\":[{\"@type\":\"WebPage\",\"@id\":\"https:\\\/\\\/mikolow.eu\\\/odpady\\\/jak-segregowac\\\/odziez\\\/\",\"url\":\"https:\\\/\\\/mikolow.eu\\\/odpady\\\/jak-segregowac\\\/odziez\\\/\",\"name\":\"Odzie\u017c - odpady\",\"isPartOf\":{\"@id\":\"https:\\\/\\\/mikolow.eu\\\/odpady\\\/#website\"},\"primaryImageOfPage\":{\"@id\":\"https:\\\/\\\/mikolow.eu\\\/odpady\\\/jak-segregowac\\\/odziez\\\/#primaryimage\"},\"image\":{\"@id\":\"https:\\\/\\\/mikolow.eu\\\/odpady\\\/jak-segregowac\\\/odziez\\\/#primaryimage\"},\"thumbnailUrl\":\"https:\\\/\\\/mikolow.eu\\\/odpady\\\/wp-content\\\/uploads\\\/sites\\\/13\\\/2024\\\/12\\\/odziez-wektorowa-ilustracja-mody-odziez-izolowana-odziez-zestaw-odziez-odziez-projekt-dre_1013341-275098.avif\",\"datePublished\":\"2020-03-06T09:03:41+00:00\",\"dateModified\":\"2026-03-23T06:55:53+00:00\",\"breadcrumb\":{\"@id\":\"https:\\\/\\\/mikolow.eu\\\/odpady\\\/jak-segregowac\\\/odziez\\\/#breadcrumb\"},\"inLanguage\":\"pl-PL\",\"potentialAction\":[{\"@type\":\"ReadAction\",\"target\":[\"https:\\\/\\\/mikolow.eu\\\/odpady\\\/jak-segregowac\\\/odziez\\\/\"]}]},{\"@type\":\"ImageObject\",\"inLanguage\":\"pl-PL\",\"@id\":\"https:\\\/\\\/mikolow.eu\\\/odpady\\\/jak-segregowac\\\/odziez\\\/#primaryimage\",\"url\":\"https:\\\/\\\/mikolow.eu\\\/odpady\\\/wp-content\\\/uploads\\\/sites\\\/13\\\/2024\\\/12\\\/odziez-wektorowa-ilustracja-mody-odziez-izolowana-odziez-zestaw-odziez-odziez-projekt-dre_1013341-275098.avif\",\"contentUrl\":\"https:\\\/\\\/mikolow.eu\\\/odpady\\\/wp-content\\\/uploads\\\/sites\\\/13\\\/2024\\\/12\\\/odziez-wektorowa-ilustracja-mody-odziez-izolowana-odziez-zestaw-odziez-odziez-projekt-dre_1013341-275098.avif\",\"width\":626,\"height\":626},{\"@type\":\"BreadcrumbList\",\"@id\":\"https:\\\/\\\/mikolow.eu\\\/odpady\\\/jak-segregowac\\\/odziez\\\/#breadcrumb\",\"itemListElement\":[{\"@type\":\"ListItem\",\"position\":1,\"name\":\"Strona g\u0142\u00f3wna\",\"item\":\"https:\\\/\\\/mikolow.eu\\\/odpady\\\/\"},{\"@type\":\"ListItem\",\"position\":2,\"name\":\"Jak segregowa\u0107\",\"item\":\"https:\\\/\\\/mikolow.eu\\\/odpady\\\/jak-segregowac\\\/\"},{\"@type\":\"ListItem\",\"position\":3,\"name\":\"Odzie\u017c\"}]},{\"@type\":\"WebSite\",\"@id\":\"https:\\\/\\\/mikolow.eu\\\/odpady\\\/#website\",\"url\":\"https:\\\/\\\/mikolow.eu\\\/odpady\\\/\",\"name\":\"odpady\",\"description\":\"odpady\",\"publisher\":{\"@id\":\"https:\\\/\\\/mikolow.eu\\\/odpady\\\/#organization\"},\"potentialAction\":[{\"@type\":\"SearchAction\",\"target\":{\"@type\":\"EntryPoint\",\"urlTemplate\":\"https:\\\/\\\/mikolow.eu\\\/odpady\\\/?s={search_term_string}\"},\"query-input\":{\"@type\":\"PropertyValueSpecification\",\"valueRequired\":true,\"valueName\":\"search_term_string\"}}],\"inLanguage\":\"pl-PL\"},{\"@type\":\"Organization\",\"@id\":\"https:\\\/\\\/mikolow.eu\\\/odpady\\\/#organization\",\"name\":\"odpady\",\"url\":\"https:\\\/\\\/mikolow.eu\\\/odpady\\\/\",\"logo\":{\"@type\":\"ImageObject\",\"inLanguage\":\"pl-PL\",\"@id\":\"https:\\\/\\\/mikolow.eu\\\/odpady\\\/#\\\/schema\\\/logo\\\/image\\\/\",\"url\":\"https:\\\/\\\/mikolow.eu\\\/odpady\\\/wp-content\\\/uploads\\\/sites\\\/13\\\/2020\\\/04\\\/cropped-logo_v16-1.png\",\"contentUrl\":\"https:\\\/\\\/mikolow.eu\\\/odpady\\\/wp-content\\\/uploads\\\/sites\\\/13\\\/2020\\\/04\\\/cropped-logo_v16-1.png\",\"width\":1013,\"height\":250,\"caption\":\"odpady\"},\"image\":{\"@id\":\"https:\\\/\\\/mikolow.eu\\\/odpady\\\/#\\\/schema\\\/logo\\\/image\\\/\"}}]}<\/script>\n<!-- \/ Yoast SEO plugin. -->","yoast_head_json":{"title":"Odzie\u017c - odpady","robots":{"index":"index","follow":"follow","max-snippet":"max-snippet:-1","max-image-preview":"max-image-preview:large","max-video-preview":"max-video-preview:-1"},"canonical":"https:\/\/mikolow.eu\/odpady\/jak-segregowac\/odziez\/","og_locale":"pl_PL","og_type":"article","og_title":"Odzie\u017c - odpady","og_description":"Odzie\u017c CO Z ODPADAMI \u2013 TEKSTYLIAMI OD NOWEGO ROKU 2025 ? Od 1 stycznia 2025 r. zmieniaj\u0105 si\u0119 zasady dotycz\u0105ce odpad\u00f3w tekstylnych. Zb\u0119dna odzie\u017c, obuwie oraz tekstylia, takie jak obrusy, firanki, zas\u0142ony, koce, narzuty, po\u015bciel, prze\u015bcierad\u0142a, r\u0119czniki itp.,&nbsp;nie mog\u0105 by\u0107 wrzucane do pojemnik\u00f3w na odpady zmieszane a musz\u0105 by\u0107 oddzielone od innych i oddane osobno","og_url":"https:\/\/mikolow.eu\/odpady\/jak-segregowac\/odziez\/","og_site_name":"odpady","article_modified_time":"2026-03-23T06:55:53+00:00","og_image":[{"width":1024,"height":675,"url":"https:\/\/mikolow.eu\/odpady\/wp-content\/uploads\/sites\/13\/2021\/01\/logo.png","type":"image\/png"}],"twitter_card":"summary_large_image","twitter_misc":{"Szacowany czas czytania":"4 minuty"},"schema":{"@context":"https:\/\/schema.org","@graph":[{"@type":"WebPage","@id":"https:\/\/mikolow.eu\/odpady\/jak-segregowac\/odziez\/","url":"https:\/\/mikolow.eu\/odpady\/jak-segregowac\/odziez\/","name":"Odzie\u017c - odpady","isPartOf":{"@id":"https:\/\/mikolow.eu\/odpady\/#website"},"primaryImageOfPage":{"@id":"https:\/\/mikolow.eu\/odpady\/jak-segregowac\/odziez\/#primaryimage"},"image":{"@id":"https:\/\/mikolow.eu\/odpady\/jak-segregowac\/odziez\/#primaryimage"},"thumbnailUrl":"https:\/\/mikolow.eu\/odpady\/wp-content\/uploads\/sites\/13\/2024\/12\/odziez-wektorowa-ilustracja-mody-odziez-izolowana-odziez-zestaw-odziez-odziez-projekt-dre_1013341-275098.avif","datePublished":"2020-03-06T09:03:41+00:00","dateModified":"2026-03-23T06:55:53+00:00","breadcrumb":{"@id":"https:\/\/mikolow.eu\/odpady\/jak-segregowac\/odziez\/#breadcrumb"},"inLanguage":"pl-PL","potentialAction":[{"@type":"ReadAction","target":["https:\/\/mikolow.eu\/odpady\/jak-segregowac\/odziez\/"]}]},{"@type":"ImageObject","inLanguage":"pl-PL","@id":"https:\/\/mikolow.eu\/odpady\/jak-segregowac\/odziez\/#primaryimage","url":"https:\/\/mikolow.eu\/odpady\/wp-content\/uploads\/sites\/13\/2024\/12\/odziez-wektorowa-ilustracja-mody-odziez-izolowana-odziez-zestaw-odziez-odziez-projekt-dre_1013341-275098.avif","contentUrl":"https:\/\/mikolow.eu\/odpady\/wp-content\/uploads\/sites\/13\/2024\/12\/odziez-wektorowa-ilustracja-mody-odziez-izolowana-odziez-zestaw-odziez-odziez-projekt-dre_1013341-275098.avif","width":626,"height":626},{"@type":"BreadcrumbList","@id":"https:\/\/mikolow.eu\/odpady\/jak-segregowac\/odziez\/#breadcrumb","itemListElement":[{"@type":"ListItem","position":1,"name":"Strona g\u0142\u00f3wna","item":"https:\/\/mikolow.eu\/odpady\/"},{"@type":"ListItem","position":2,"name":"Jak segregowa\u0107","item":"https:\/\/mikolow.eu\/odpady\/jak-segregowac\/"},{"@type":"ListItem","position":3,"name":"Odzie\u017c"}]},{"@type":"WebSite","@id":"https:\/\/mikolow.eu\/odpady\/#website","url":"https:\/\/mikolow.eu\/odpady\/","name":"odpady","description":"odpady","publisher":{"@id":"https:\/\/mikolow.eu\/odpady\/#organization"},"potentialAction":[{"@type":"SearchAction","target":{"@type":"EntryPoint","urlTemplate":"https:\/\/mikolow.eu\/odpady\/?s={search_term_string}"},"query-input":{"@type":"PropertyValueSpecification","valueRequired":true,"valueName":"search_term_string"}}],"inLanguage":"pl-PL"},{"@type":"Organization","@id":"https:\/\/mikolow.eu\/odpady\/#organization","name":"odpady","url":"https:\/\/mikolow.eu\/odpady\/","logo":{"@type":"ImageObject","inLanguage":"pl-PL","@id":"https:\/\/mikolow.eu\/odpady\/#\/schema\/logo\/image\/","url":"https:\/\/mikolow.eu\/odpady\/wp-content\/uploads\/sites\/13\/2020\/04\/cropped-logo_v16-1.png","contentUrl":"https:\/\/mikolow.eu\/odpady\/wp-content\/uploads\/sites\/13\/2020\/04\/cropped-logo_v16-1.png","width":1013,"height":250,"caption":"odpady"},"image":{"@id":"https:\/\/mikolow.eu\/odpady\/#\/schema\/logo\/image\/"}}]}},"_links":{"self":[{"href":"https:\/\/mikolow.eu\/odpady\/wp-json\/wp\/v2\/pages\/450","targetHints":{"allow":["GET"]}}],"collection":[{"href":"https:\/\/mikolow.eu\/odpady\/wp-json\/wp\/v2\/pages"}],"about":[{"href":"https:\/\/mikolow.eu\/odpady\/wp-json\/wp\/v2\/types\/page"}],"author":[{"embeddable":true,"href":"https:\/\/mikolow.eu\/odpady\/wp-json\/wp\/v2\/users\/20"}],"replies":[{"embeddable":true,"href":"https:\/\/mikolow.eu\/odpady\/wp-json\/wp\/v2\/comments?post=450"}],"version-history":[{"count":43,"href":"https:\/\/mikolow.eu\/odpady\/wp-json\/wp\/v2\/pages\/450\/revisions"}],"predecessor-version":[{"id":4143,"href":"https:\/\/mikolow.eu\/odpady\/wp-json\/wp\/v2\/pages\/450\/revisions\/4143"}],"up":[{"embeddable":true,"href":"https:\/\/mikolow.eu\/odpady\/wp-json\/wp\/v2\/pages\/1704"}],"wp:featuredmedia":[{"embeddable":true,"href":"https:\/\/mikolow.eu\/odpady\/wp-json\/wp\/v2\/media\/3821"}],"wp:attachment":[{"href":"https:\/\/mikolow.eu\/odpady\/wp-json\/wp\/v2\/media?parent=450"}],"curies":[{"name":"wp","href":"https:\/\/api.w.org\/{rel}","templated":true}]}}